{"id":83,"date":"2016-12-14T09:37:09","date_gmt":"2016-12-14T08:37:09","guid":{"rendered":"http:\/\/www.kbs-schwyz.ch\/berufsschule\/?page_id=83"},"modified":"2025-12-12T14:49:55","modified_gmt":"2025-12-12T13:49:55","slug":"bm-erwachsene","status":"publish","type":"page","link":"https:\/\/www.kbs-schwyz.ch\/berufsschule\/bm-erwachsene\/","title":{"rendered":"BM 2 &#8211; BM f\u00fcr Erwachsene"},"content":{"rendered":"<div id=\"pl-83\"  class=\"panel-layout\" ><div id=\"pg-83-0\"  class=\"panel-grid panel-no-style\" ><div id=\"pgc-83-0-0\"  class=\"panel-grid-cell\" ><div id=\"panel-83-0-0-0\" class=\"so-panel widget widget_sow-editor panel-first-child panel-last-child\" data-index=\"0\" ><div\n\t\t\t\n\t\t\tclass=\"so-widget-sow-editor so-widget-sow-editor-base\"\n\t\t\t\n\t\t><h3 class=\"widget-title\">Allgemeines<\/h3>\n<div class=\"siteorigin-widget-tinymce textwidget\">\n\t<p><img loading=\"lazy\" decoding=\"async\" class=\"alignnone size-full wp-image-255\" src=\"https:\/\/www.kbs-schwyz.ch\/berufsschule\/wp-content\/uploads\/2016\/08\/aufzaehlungspunkt-e1481745336902.jpg\" alt=\"\" width=\"10\" height=\"20\" \/> <a href=\"https:\/\/www.kbs-schwyz.ch\/berufsschule\/wp-content\/uploads\/Anmeldung-BM2-2026-mit-Schutz.docx\" target=\"_blank\" rel=\"noopener\">Anmeldung BM 2<\/a><br \/>\n<img loading=\"lazy\" decoding=\"async\" class=\"alignnone size-full wp-image-255\" src=\"https:\/\/www.kbs-schwyz.ch\/berufsschule\/wp-content\/uploads\/2016\/08\/aufzaehlungspunkt-e1481745336902.jpg\" alt=\"\" width=\"10\" height=\"20\" \/> <a href=\"https:\/\/www.kbs-schwyz.ch\/berufsschule\/wp-content\/uploads\/Weisungen-Aufnahme-BM2.pdf\" target=\"_blank\" rel=\"noopener\">Weisungen Aufnahme BM 2<\/a><br \/>\n<img loading=\"lazy\" decoding=\"async\" class=\"alignnone size-full wp-image-255\" src=\"https:\/\/www.kbs-schwyz.ch\/berufsschule\/wp-content\/uploads\/2016\/08\/aufzaehlungspunkt-e1481745336902.jpg\" alt=\"\" width=\"10\" height=\"20\" \/> Detailinformation BM Wirtschaft Vollzeit: folgt in K\u00fcrze<br \/>\n<img loading=\"lazy\" decoding=\"async\" class=\"alignnone size-full wp-image-255\" src=\"https:\/\/www.kbs-schwyz.ch\/berufsschule\/wp-content\/uploads\/2016\/08\/aufzaehlungspunkt-e1481745336902.jpg\" alt=\"\" width=\"10\" height=\"20\" \/> Detailinformation BM Wirtschaft Teilzeit: folgt in K\u00fcrze<br \/>\n<img loading=\"lazy\" decoding=\"async\" class=\"alignnone size-full wp-image-255\" src=\"https:\/\/www.kbs-schwyz.ch\/berufsschule\/wp-content\/uploads\/2016\/08\/aufzaehlungspunkt-e1481745336902.jpg\" alt=\"\" width=\"10\" height=\"20\" \/><a href=\"https:\/\/www.kbs-schwyz.ch\/berufsschule\/wp-content\/uploads\/BM-2-Aufnahmepruefung-2026-FUER-INTERNET.pdf\"> Information zur Aufnahmepr\u00fcfung BM 2<\/a><br \/>\n<img loading=\"lazy\" decoding=\"async\" class=\"alignnone size-full wp-image-255\" src=\"https:\/\/www.kbs-schwyz.ch\/berufsschule\/wp-content\/uploads\/2016\/08\/aufzaehlungspunkt-e1481745336902.jpg\" alt=\"\" width=\"10\" height=\"20\" \/> <a href=\"https:\/\/www.kbs-schwyz.ch\/berufsschule\/wp-content\/uploads\/BM2-TZ-Absenzen__Dispensen_ab-2024-2025-Version-1.1.pdf\" target=\"_blank\" rel=\"noopener\">Absenzen und Dispensen Teilzeit<\/a><br \/>\n<img loading=\"lazy\" decoding=\"async\" class=\"alignnone size-full wp-image-255\" src=\"https:\/\/www.kbs-schwyz.ch\/berufsschule\/wp-content\/uploads\/2016\/08\/aufzaehlungspunkt-e1481745336902.jpg\" alt=\"\" width=\"10\" height=\"20\" \/> <a href=\"https:\/\/www.kbs-schwyz.ch\/berufsschule\/wp-content\/uploads\/BM2-VZ-Absenzen__Dispensen_ab-2024-2025-Version-1.1-1.pdf\" target=\"_blank\" rel=\"noopener\">Absenzen und Dispensen Vollzeit<\/a><br \/>\n<img loading=\"lazy\" decoding=\"async\" class=\"alignnone size-full wp-image-255\" src=\"https:\/\/www.kbs-schwyz.ch\/berufsschule\/wp-content\/uploads\/2016\/08\/aufzaehlungspunkt-e1481745336902.jpg\" alt=\"\" width=\"10\" height=\"20\" \/> <a href=\"https:\/\/www.kbs-schwyz.ch\/berufsschule\/wp-content\/uploads\/2016\/12\/Arbeits-_und_Sozialverhalten.pdf\" target=\"_blank\" rel=\"noopener noreferrer\">Arbeits- und Sozialverhalten<\/a><\/p>\n<\/div>\n<\/div><\/div><\/div><div id=\"pgc-83-0-1\"  class=\"panel-grid-cell\" ><div id=\"panel-83-0-1-0\" class=\"so-panel widget widget_sow-editor panel-first-child panel-last-child\" data-index=\"1\" ><div\n\t\t\t\n\t\t\tclass=\"so-widget-sow-editor so-widget-sow-editor-base\"\n\t\t\t\n\t\t><h3 class=\"widget-title\">Sonstiges<\/h3>\n<div class=\"siteorigin-widget-tinymce textwidget\">\n\t<p><img loading=\"lazy\" decoding=\"async\" class=\"alignnone size-full wp-image-255\" src=\"https:\/\/www.kbs-schwyz.ch\/berufsschule\/wp-content\/uploads\/2016\/08\/aufzaehlungspunkt-e1481745336902.jpg\" alt=\"\" width=\"10\" height=\"20\" \/> <a href=\"https:\/\/www.kbs-schwyz.ch\/berufsschule\/wp-content\/uploads\/KBS-Phasenplan-BM2TgrZahl_2024-2026-SJ25-26_2.-Jahr_V.2-1.pdf\" target=\"_blank\" rel=\"noopener\">Phasenplan BM 2 Teilzeit\u00a0 SJ 2025\/26, Beginn 2024\/2025<\/a><br \/>\n<img loading=\"lazy\" decoding=\"async\" class=\"alignnone size-full wp-image-255\" src=\"https:\/\/www.kbs-schwyz.ch\/berufsschule\/wp-content\/uploads\/2016\/08\/aufzaehlungspunkt-e1481745336902.jpg\" alt=\"\" width=\"10\" height=\"20\" \/> <a href=\"https:\/\/www.kbs-schwyz.ch\/berufsschule\/wp-content\/uploads\/KBS-Phasenplan-BM2TungrZahl_2025-2027-SJ25-26_1.-Jahr_V.2.pdf\" target=\"_blank\" rel=\"noopener\">Phasenplan BM 2 Teilzeit\u00a0 SJ 2025\/26, Beginn 2025\/2026<\/a><br \/>\n<img loading=\"lazy\" decoding=\"async\" class=\"alignnone size-full wp-image-255\" src=\"https:\/\/www.kbs-schwyz.ch\/berufsschule\/wp-content\/uploads\/2016\/08\/aufzaehlungspunkt-e1481745336902.jpg\" alt=\"\" width=\"10\" height=\"20\" \/> <a href=\"https:\/\/www.kbs-schwyz.ch\/berufsschule\/wp-content\/uploads\/KBS-Phasenplan-BM2VZ_2025-2026-SJ25-26_V.2.pdf\" target=\"_blank\" rel=\"noopener\">Phasenplan BM 2 Vollzeit\u00a0 SJ 2025\/26<\/a><br \/>\n<img loading=\"lazy\" decoding=\"async\" class=\"alignnone size-full wp-image-255\" src=\"https:\/\/www.kbs-schwyz.ch\/berufsschule\/wp-content\/uploads\/2016\/08\/aufzaehlungspunkt-e1481745336902.jpg\" alt=\"\" width=\"10\" height=\"20\" \/> <a href=\"https:\/\/www.kbs-schwyz.ch\/berufsschule\/wp-content\/uploads\/Pruefungswegleitung-BM2-Teilzeit-2025.pdf\" target=\"_blank\" rel=\"noopener\">Pr\u00fcfungswegleitung Teilzeit Abschluss 2026<\/a><br \/>\n<img loading=\"lazy\" decoding=\"async\" class=\"alignnone size-full wp-image-255\" src=\"https:\/\/www.kbs-schwyz.ch\/berufsschule\/wp-content\/uploads\/2016\/08\/aufzaehlungspunkt-e1481745336902.jpg\" alt=\"\" width=\"10\" height=\"20\" \/> <a href=\"https:\/\/www.kbs-schwyz.ch\/berufsschule\/wp-content\/uploads\/Pruefungswegleitung-BM2-Vollzeit_Abschluss-2026.pdf\" target=\"_blank\" rel=\"noopener\">Pr\u00fcfungswegleitung Vollzeit Abschluss 2026<\/a><br \/>\n<img loading=\"lazy\" decoding=\"async\" class=\"alignnone size-full wp-image-255\" src=\"https:\/\/www.kbs-schwyz.ch\/berufsschule\/wp-content\/uploads\/2016\/08\/aufzaehlungspunkt-e1481745336902.jpg\" alt=\"\" width=\"10\" height=\"20\" \/> <a href=\"https:\/\/www.kbs-schwyz.ch\/berufsschule\/wp-content\/uploads\/Pruefungswegleitung-BM2-Teilzeit_Abschluss-2027.pdf\" target=\"_blank\" rel=\"noopener\">Pr\u00fcfungswegleitung Teilzeit Abschluss 2027<\/a><\/p>\n<p>&nbsp;<\/p>\n<p>&nbsp;<\/p>\n<p>&nbsp;<\/p>\n<\/div>\n<\/div><\/div><\/div><\/div><div id=\"pg-83-1\"  class=\"panel-grid panel-no-style\" ><div id=\"pgc-83-1-0\"  class=\"panel-grid-cell panel-grid-cell-mobile-last\" ><div id=\"panel-83-1-0-0\" class=\"so-panel widget widget_sow-editor panel-first-child panel-last-child\" data-index=\"2\" ><div\n\t\t\t\n\t\t\tclass=\"so-widget-sow-editor so-widget-sow-editor-base\"\n\t\t\t\n\t\t><h3 class=\"widget-title\">Wichtige Termine<\/h3>\n<div class=\"siteorigin-widget-tinymce textwidget\">\n\t<p><img loading=\"lazy\" decoding=\"async\" class=\"alignnone size-full wp-image-255\" src=\"https:\/\/www.kbs-schwyz.ch\/berufsschule\/wp-content\/uploads\/2016\/08\/aufzaehlungspunkt-e1481745336902.jpg\" alt=\"\" width=\"10\" height=\"20\" \/> <strong>Informationsabend:<\/strong>\u00a0 12. Januar 2026 - 19.00 Uhr<br \/>\n<img loading=\"lazy\" decoding=\"async\" class=\"alignnone size-full wp-image-255\" src=\"https:\/\/www.kbs-schwyz.ch\/berufsschule\/wp-content\/uploads\/2016\/08\/aufzaehlungspunkt-e1481745336902.jpg\" alt=\"\" width=\"10\" height=\"20\" \/> <strong>Anmeldeschluss:<\/strong> 19. Februar 2026<br \/>\n<img loading=\"lazy\" decoding=\"async\" class=\"alignnone size-full wp-image-255\" src=\"https:\/\/www.kbs-schwyz.ch\/berufsschule\/wp-content\/uploads\/2016\/08\/aufzaehlungspunkt-e1481745336902.jpg\" alt=\"\" width=\"10\" height=\"20\" \/> <strong>Aufnahmepr\u00fcfung:<\/strong> 14. M\u00e4rz 2026<br \/>\n<img loading=\"lazy\" decoding=\"async\" class=\"alignnone size-full wp-image-255\" src=\"https:\/\/www.kbs-schwyz.ch\/berufsschule\/wp-content\/uploads\/2016\/08\/aufzaehlungspunkt-e1481745336902.jpg\" alt=\"\" width=\"10\" height=\"20\" \/> <strong>Beginn: <\/strong>17. August 2026<\/p>\n<\/div>\n<\/div><\/div><\/div><div id=\"pgc-83-1-1\"  class=\"panel-grid-cell panel-grid-cell-empty\" ><\/div><\/div><div id=\"pg-83-2\"  class=\"panel-grid panel-no-style\" ><div id=\"pgc-83-2-0\"  class=\"panel-grid-cell panel-grid-cell-empty\" ><\/div><\/div><div id=\"pg-83-3\"  class=\"panel-grid panel-no-style\" ><div id=\"pgc-83-3-0\"  class=\"panel-grid-cell panel-grid-cell-empty\" ><\/div><\/div><\/div>","protected":false},"excerpt":{"rendered":"<p>Anmeldung BM 2 Weisungen Aufnahme BM 2 Detailinformation BM Wirtschaft Vollzeit: folgt in K\u00fcrze Detailinformation BM Wirtschaft Teilzeit: folgt in K\u00fcrze Information zur Aufnahmepr\u00fcfung BM 2 Absenzen und Dispensen Teilzeit Absenzen und Dispensen Vollzeit Arbeits- und Sozialverhalten Phasenplan BM 2 <a class=\"more-link\" href=\"https:\/\/www.kbs-schwyz.ch\/berufsschule\/bm-erwachsene\/\">weiterlesen&#8230;<\/a><\/p>\n","protected":false},"author":1,"featured_media":0,"parent":0,"menu_order":6,"comment_status":"closed","ping_status":"closed","template":"","meta":{"footnotes":""},"class_list":["post-83","page","type-page","status-publish","hentry"],"_links":{"self":[{"href":"https:\/\/www.kbs-schwyz.ch\/berufsschule\/wp-json\/wp\/v2\/pages\/83","targetHints":{"allow":["GET"]}}],"collection":[{"href":"https:\/\/www.kbs-schwyz.ch\/berufsschule\/wp-json\/wp\/v2\/pages"}],"about":[{"href":"https:\/\/www.kbs-schwyz.ch\/berufsschule\/wp-json\/wp\/v2\/types\/page"}],"author":[{"embeddable":true,"href":"https:\/\/www.kbs-schwyz.ch\/berufsschule\/wp-json\/wp\/v2\/users\/1"}],"replies":[{"embeddable":true,"href":"https:\/\/www.kbs-schwyz.ch\/berufsschule\/wp-json\/wp\/v2\/comments?post=83"}],"version-history":[{"count":166,"href":"https:\/\/www.kbs-schwyz.ch\/berufsschule\/wp-json\/wp\/v2\/pages\/83\/revisions"}],"predecessor-version":[{"id":5372,"href":"https:\/\/www.kbs-schwyz.ch\/berufsschule\/wp-json\/wp\/v2\/pages\/83\/revisions\/5372"}],"wp:attachment":[{"href":"https:\/\/www.kbs-schwyz.ch\/berufsschule\/wp-json\/wp\/v2\/media?parent=83"}],"curies":[{"name":"wp","href":"https:\/\/api.w.org\/{rel}","templated":true}]}}