{"id":90,"date":"2016-12-14T09:38:06","date_gmt":"2016-12-14T08:38:06","guid":{"rendered":"http:\/\/www.kbs-schwyz.ch\/berufsschule\/?page_id=90"},"modified":"2025-11-18T08:58:38","modified_gmt":"2025-11-18T07:58:38","slug":"detailhandeslfachleute","status":"publish","type":"page","link":"https:\/\/www.kbs-schwyz.ch\/berufsschule\/detailhandeslfachleute\/","title":{"rendered":"Detailhandelsfachleute"},"content":{"rendered":"<div id=\"pl-90\"  class=\"panel-layout\" ><div id=\"pg-90-0\"  class=\"panel-grid panel-no-style\" ><div id=\"pgc-90-0-0\"  class=\"panel-grid-cell\" ><div id=\"panel-90-0-0-0\" class=\"so-panel widget widget_sow-editor panel-first-child panel-last-child\" data-index=\"0\" ><div\n\t\t\t\n\t\t\tclass=\"so-widget-sow-editor so-widget-sow-editor-base\"\n\t\t\t\n\t\t><h3 class=\"widget-title\">DHF Allgemein Reform ab Lehrbeginn 2022<\/h3>\n<div class=\"siteorigin-widget-tinymce textwidget\">\n\t<p>Detailhandelsfachleute beraten, unterst\u00fctzen und bedienen Kundinnen und Kunden auf unterschiedlichen Kommunikationskan\u00e4len. Sie f\u00fchren anspruchsvolle Beratungs- und Verkaufsgespr\u00e4che in der lokalen Landessprache und in einer Fremdsprache. Sie suchen kreative L\u00f6sungen f\u00fcr ihre Kundinnen und Kunden und arbeiten selbst\u00e4ndig. Nebst der Beratung sind die Warenbewirtschaftung sowie die Warenpr\u00e4sentation wichtig. Je nach betrieblichem Schwerpunkt gestalten sie produkt- und dienstleistungsorientierte Einkaufserlebnisse oder betreuen einen Online-Shop. Zus\u00e4tzlich kann sowohl lehrbegleitend wie auch nach der Grundbildung die eidgen\u00f6ssische Berufsmaturit\u00e4t erworben werden. Neugierig auf mehr? Dann zeigt unser Berufsbild, welche Kompetenzen w\u00e4hrend der Grundbildung vermittelt werden, in welchem Arbeitsgebiet die Betriebe ausbilden und welche Anforderungen an die Lernenden gestellt werden.<\/p>\n<p>Die Grundlagen- und Umsetzungsdokumente zum Bildungsplan f\u00fcr Detailhandelsfachleute sind<strong><a href=\"https:\/\/www.bds-fcs.ch\/de\/index.php?section=Downloads&amp;category=28\" target=\"_blank\" rel=\"noopener\"><u> hier<\/u><\/a><\/strong> zusammengestellt.<\/p>\n<p><strong>Berufsbild<\/strong><\/p>\n<p><img loading=\"lazy\" decoding=\"async\" class=\"alignnone size-full wp-image-255\" src=\"https:\/\/www.kbs-schwyz.ch\/berufsschule\/wp-content\/uploads\/2016\/08\/aufzaehlungspunkt-e1481745336902.jpg\" alt=\"\" width=\"10\" height=\"20\" \/> <a href=\"https:\/\/www.bds-fcs.ch\/de\/Verkauf2022\" target=\"_blank\" rel=\"noopener\">Berufsbild Detailhandelsfachfrau\/Detailhandelsfachmann EFZ<\/a><\/p>\n<p><strong>Die HKB's (Handlungskompetenzen)<\/strong><\/p>\n<p><a href=\"https:\/\/www.bds-fcs.ch\/de\/Verkauf2022\" target=\"_blank\" rel=\"noopener\"><img loading=\"lazy\" decoding=\"async\" class=\"alignnone size-full wp-image-255\" src=\"https:\/\/www.kbs-schwyz.ch\/berufsschule\/wp-content\/uploads\/2016\/08\/aufzaehlungspunkt-e1481745336902.jpg\" alt=\"\" width=\"10\" height=\"20\" \/><\/a> <a href=\"https:\/\/www.bds-fcs.ch\/images\/content\/Grundbildung\/EFZ\/SB_BDSHandlungskompetenzenUebersichtEFZ_V1.0.pdf\" target=\"_blank\" rel=\"noopener\">Die Handlungskompetenzen EFZ im \u00dcberblick<\/a><\/p>\n<p><strong>Info Reform Allgemein<\/strong><\/p>\n<p><strong><img loading=\"lazy\" decoding=\"async\" class=\"alignnone size-full wp-image-255\" src=\"https:\/\/www.kbs-schwyz.ch\/berufsschule\/wp-content\/uploads\/2016\/08\/aufzaehlungspunkt-e1481745336902.jpg\" alt=\"\" width=\"10\" height=\"20\" \/><\/strong> <a href=\"https:\/\/www.die-reform.ch\" target=\"_blank\" rel=\"noopener\">Die Reform (alles zur Reform)<\/a><\/p>\n<\/div>\n<\/div><\/div><\/div><\/div><div id=\"pg-90-1\"  class=\"panel-grid panel-no-style\" ><div id=\"pgc-90-1-0\"  class=\"panel-grid-cell\" ><div id=\"panel-90-1-0-0\" class=\"so-panel widget widget_sow-editor panel-first-child panel-last-child\" data-index=\"1\" ><div\n\t\t\t\n\t\t\tclass=\"so-widget-sow-editor so-widget-sow-editor-base\"\n\t\t\t\n\t\t>\n<div class=\"siteorigin-widget-tinymce textwidget\">\n\t<p>Die ersten Qualifikationsverfahren f\u00fcr Detailhandelsfachleute unter Verkauf 2022+ finden im Fr\u00fchling 2025 statt.<\/p>\n<p>Die Ausf\u00fchrungsbestimmungen zu diesen Qualifikationsverfahren sind aktuell in Erarbeitung und werden laufend im Download Center\u00a0ver\u00f6ffentlicht.<\/p>\n<p><img loading=\"lazy\" decoding=\"async\" class=\"alignnone size-full wp-image-255\" src=\"https:\/\/www.kbs-schwyz.ch\/berufsschule\/wp-content\/uploads\/2016\/08\/aufzaehlungspunkt-e1481745336902.jpg\" alt=\"\" width=\"10\" height=\"20\" \/><a href=\"https:\/\/www.bds-fcs.ch\/de\/Digitale-Medien\/Download-Center?category=54\" target=\"_blank\" rel=\"noopener\"> Ausf\u00fchrungsbestimmungen QV EFZ<\/a><br \/>\n<img loading=\"lazy\" decoding=\"async\" class=\"alignnone size-full wp-image-255\" src=\"https:\/\/www.kbs-schwyz.ch\/berufsschule\/wp-content\/uploads\/2016\/08\/aufzaehlungspunkt-e1481745336902.jpg\" alt=\"\" width=\"10\" height=\"20\" \/> <a href=\"https:\/\/www.kbs-schwyz.ch\/berufsschule\/wp-content\/uploads\/Schematische-Darstellung-Erfahrungsnote-EFZ-DF-und-DA.pdf\" target=\"_blank\" rel=\"noopener\">Semesterzeugnis- u. Erfahrungsnoten Berufsfachschule<\/a><br \/>\n<img loading=\"lazy\" decoding=\"async\" class=\"alignnone size-full wp-image-255\" src=\"https:\/\/www.kbs-schwyz.ch\/berufsschule\/wp-content\/uploads\/2016\/08\/aufzaehlungspunkt-e1481745336902.jpg\" alt=\"\" width=\"10\" height=\"20\" \/> <a href=\"https:\/\/www.kbs-schwyz.ch\/berufsschule\/wp-content\/uploads\/20220502_Notenrechner_DHF_abQV2025_BranchenAutomobilLandiLebensmittel_oRG.xlsx\" target=\"_blank\" rel=\"noopener\">QV-Notenrechner DHF Branchen:Automobil After-Sales, Landi, Lebensmittel<\/a><br \/>\n<a href=\"https:\/\/www.kbs-schwyz.ch\/berufsschule\/wp-content\/uploads\/20220502_Notenrechner_DHF_abQV2025_uebrigeBranchen_oRG-3.xlsx\"><img loading=\"lazy\" decoding=\"async\" class=\"alignnone size-full wp-image-255\" src=\"https:\/\/www.kbs-schwyz.ch\/berufsschule\/wp-content\/uploads\/2016\/08\/aufzaehlungspunkt-e1481745336902.jpg\" alt=\"\" width=\"10\" height=\"20\" \/><\/a> <a href=\"https:\/\/www.kbs-schwyz.ch\/berufsschule\/wp-content\/uploads\/20220502_Notenrechner_DHF_abQV2025_uebrigeBranchen_oRG-3.xlsx\" target=\"_blank\" rel=\"noopener\">QV-Notenrechner DHF Branchen: \u00fcbrige Branchen<\/a><br \/>\n<a href=\"https:\/\/www.kbs-schwyz.ch\/berufsschule\/wp-content\/uploads\/20220502_Notenrechner_DHF_abQV2025_uebrigeBranchen_oRG-3.xlsx\"><img loading=\"lazy\" decoding=\"async\" class=\"alignnone size-full wp-image-255\" src=\"https:\/\/www.kbs-schwyz.ch\/berufsschule\/wp-content\/uploads\/2016\/08\/aufzaehlungspunkt-e1481745336902.jpg\" alt=\"\" width=\"10\" height=\"20\" \/><\/a> <a href=\"https:\/\/www.kbs-schwyz.ch\/berufsschule\/wp-content\/uploads\/DHF_Uebersicht_HKB.pdf\" target=\"_blank\" rel=\"noopener\">\u00dcbersicht DHF HKB<\/a><\/p>\n<p>&nbsp;<\/p>\n<\/div>\n<\/div><\/div><\/div><\/div><div id=\"pg-90-2\"  class=\"panel-grid panel-no-style\" ><div id=\"pgc-90-2-0\"  class=\"panel-grid-cell\" ><div id=\"panel-90-2-0-0\" class=\"so-panel widget widget_sow-editor panel-first-child panel-last-child\" data-index=\"2\" ><div\n\t\t\t\n\t\t\tclass=\"so-widget-sow-editor so-widget-sow-editor-base\"\n\t\t\t\n\t\t><h3 class=\"widget-title\">DHF Lehre 2020 - 2025<\/h3>\n<div class=\"siteorigin-widget-tinymce textwidget\">\n\t<\/div>\n<\/div><\/div><\/div><\/div><div id=\"pg-90-3\"  class=\"panel-grid panel-no-style\" ><div id=\"pgc-90-3-0\"  class=\"panel-grid-cell\" ><div id=\"panel-90-3-0-0\" class=\"so-panel widget widget_sow-editor panel-first-child panel-last-child\" data-index=\"3\" ><div\n\t\t\t\n\t\t\tclass=\"so-widget-sow-editor so-widget-sow-editor-base\"\n\t\t\t\n\t\t><h3 class=\"widget-title\">Allgemeines<\/h3>\n<div class=\"siteorigin-widget-tinymce textwidget\">\n\t<p><img loading=\"lazy\" decoding=\"async\" class=\"alignnone size-full wp-image-255\" src=\"https:\/\/www.kbs-schwyz.ch\/berufsschule\/wp-content\/uploads\/2016\/08\/aufzaehlungspunkt-e1481745336902.jpg\" alt=\"\" width=\"10\" height=\"20\" \/>\u00a0<span style=\"color: #ff0000;\">Anmeldung\u00a0Berufsschule erfolgt \u00fcber\u00a0das Amt f\u00fcr Berufsbildung<\/span><br \/>\n<img loading=\"lazy\" decoding=\"async\" class=\"alignnone size-full wp-image-255\" src=\"https:\/\/www.kbs-schwyz.ch\/berufsschule\/wp-content\/uploads\/2016\/08\/aufzaehlungspunkt-e1481745336902.jpg\" alt=\"\" width=\"10\" height=\"20\" \/> <a href=\"https:\/\/www.kbs-schwyz.ch\/berufsschule\/wp-content\/uploads\/2017\/01\/Fortsetzung-der-beruflichen-Grundbildung-mit-Freif\u00e4chern.pdf\" target=\"_blank\" rel=\"noopener noreferrer\">Bestimmung Freif\u00e4cher<\/a><br \/>\n<img loading=\"lazy\" decoding=\"async\" class=\"alignnone size-full wp-image-255\" src=\"https:\/\/www.kbs-schwyz.ch\/berufsschule\/wp-content\/uploads\/2016\/08\/aufzaehlungspunkt-e1481745336902.jpg\" alt=\"\" width=\"10\" height=\"20\" \/> <a href=\"https:\/\/www.bds-fcs.ch\/home\/\/\" target=\"_blank\" rel=\"noopener noreferrer\">Bildung Detailhandel Schweiz<\/a><br \/>\n<img loading=\"lazy\" decoding=\"async\" class=\"alignnone size-full wp-image-255\" src=\"https:\/\/www.kbs-schwyz.ch\/berufsschule\/wp-content\/uploads\/2016\/08\/aufzaehlungspunkt-e1481745336902.jpg\" alt=\"\" width=\"10\" height=\"20\" \/> <a href=\"https:\/\/www.kbs-schwyz.ch\/berufsschule\/wp-content\/uploads\/2016\/12\/Arbeits-_und_Sozialverhalten.pdf\" target=\"_blank\" rel=\"noopener noreferrer\">Arbeits- und Sozialverhalten<\/a><br \/>\n<img loading=\"lazy\" decoding=\"async\" class=\"alignnone size-full wp-image-255\" src=\"https:\/\/www.kbs-schwyz.ch\/berufsschule\/wp-content\/uploads\/2016\/08\/aufzaehlungspunkt-e1481745336902.jpg\" alt=\"\" width=\"10\" height=\"20\" \/> <a href=\"https:\/\/www.bds-fcs.ch\/fachinformationen\/downloadcenter\/?L=0&amp;tx_bndownloadcenter_pi1%5Bkeywords%5D=Grundbildung&amp;tx_bndownloadcenter_pi1%5Baction%5D=data&amp;tx_bndownloadcenter_pi1%5Bcontroller%5D=Downloadcenter&amp;cHash=af1b3a83f522edb6b4d38dbf58164478\" target=\"_blank\" rel=\"noopener noreferrer\">Alle Informationen DHF mit Suchfunktion<\/a><\/p>\n<p>&nbsp;<\/p>\n<\/div>\n<\/div><\/div><\/div><div id=\"pgc-90-3-1\"  class=\"panel-grid-cell\" ><div id=\"panel-90-3-1-0\" class=\"so-panel widget widget_sow-editor panel-first-child panel-last-child\" data-index=\"4\" ><div\n\t\t\t\n\t\t\tclass=\"so-widget-sow-editor so-widget-sow-editor-base\"\n\t\t\t\n\t\t><h3 class=\"widget-title\">Leistungsziele, Bildungspl\u00e4ne, Stundentafel Qualifikationsverfahren<\/h3>\n<div class=\"siteorigin-widget-tinymce textwidget\">\n\t<p><img loading=\"lazy\" decoding=\"async\" class=\"alignnone size-full wp-image-255\" src=\"https:\/\/www.kbs-schwyz.ch\/berufsschule\/wp-content\/uploads\/2016\/08\/aufzaehlungspunkt-e1481745336902.jpg\" alt=\"\" width=\"10\" height=\"20\" \/><a href=\"https:\/\/www.alt.bds-fcs.ch\/fileadmin\/Downloadcenter-DE\/010-Grundbildung\/050-Qualifikationsverfahren\/030-Pr_ue_fungsrichtlinien_und_Vorlagen\/020-Detailhandelsfachleute\/025-SPK_DHF_Notenformular_ab_QV_2021_d.pdf\" target=\"_blank\" rel=\"noopener\"> QV Notenformular ab QV 2021<\/a><br \/>\n<img loading=\"lazy\" decoding=\"async\" class=\"alignnone size-full wp-image-255\" src=\"https:\/\/www.kbs-schwyz.ch\/berufsschule\/wp-content\/uploads\/2016\/08\/aufzaehlungspunkt-e1481745336902.jpg\" alt=\"\" width=\"10\" height=\"20\" \/> <a href=\"https:\/\/www.alt.bds-fcs.ch\/fileadmin\/Downloadcenter-DE\/010-Grundbildung\/010-Detailhandelsfachfrau_slash_-mann\/020-Bildungsplan\/010-Teil_A_Kompetenzen__auf_Leistungsziele_zu_\/010-Leistungsziele_Betrieb\/020-Leistungsziele_Betrieb_ab_GB_2012_d.pdf\" target=\"_blank\" rel=\"noopener\">Leistungsziele Betrieb<\/a><br \/>\n<img loading=\"lazy\" decoding=\"async\" class=\"alignnone size-full wp-image-255\" src=\"https:\/\/www.kbs-schwyz.ch\/berufsschule\/wp-content\/uploads\/2016\/08\/aufzaehlungspunkt-e1481745336902.jpg\" alt=\"\" width=\"10\" height=\"20\" \/> <a href=\"https:\/\/www.alt.bds-fcs.ch\/fileadmin\/Downloadcenter-DE\/010-Grundbildung\/010-Detailhandelsfachfrau_slash_-mann\/020-Bildungsplan\/010-Teil_A_Kompetenzen__auf_Leistungsziele_zu_\/040-Leistungsziele_Berufsfachschule\/020-LZ_Schule-DE_170807_Definitivum.pdf\" target=\"_blank\" rel=\"noopener\">Schulische Leistungsziele ab 2018<\/a><br \/>\n<img loading=\"lazy\" decoding=\"async\" class=\"alignnone size-full wp-image-255\" src=\"https:\/\/www.kbs-schwyz.ch\/berufsschule\/wp-content\/uploads\/2016\/08\/aufzaehlungspunkt-e1481745336902.jpg\" alt=\"\" width=\"10\" height=\"20\" \/> <a href=\"https:\/\/www.kbs-schwyz.ch\/berufsschule\/wp-content\/uploads\/2017\/01\/Stundentafel_Detailhandelsfachleute.pdf\" target=\"_blank\" rel=\"noopener noreferrer\">Stundentafel Detailhandel\u00a0<\/a><br \/>\n<img loading=\"lazy\" decoding=\"async\" class=\"alignnone size-full wp-image-255\" src=\"https:\/\/www.kbs-schwyz.ch\/berufsschule\/wp-content\/uploads\/2016\/08\/aufzaehlungspunkt-e1481745336902.jpg\" alt=\"\" width=\"10\" height=\"20\" \/>\u00a0<a href=\"https:\/\/www.alt.bds-fcs.ch\/fileadmin\/Downloadcenter-DE\/010-Grundbildung\/010-Detailhandelsfachfrau_slash_-mann\/030-Dokumente_und_Formulare\/030-Berufsfachschule\/010-Notenbild_Bestehensnormen\/020-Notenbild_und_Bestehensnormen_DHF_d_ab_QV_2021.pdf\" target=\"_blank\" rel=\"noopener\">Notenbild und Bewertung ab QV 2021\u00a0<\/a><br \/>\n<img loading=\"lazy\" decoding=\"async\" class=\"alignnone size-full wp-image-255\" src=\"https:\/\/www.kbs-schwyz.ch\/berufsschule\/wp-content\/uploads\/2016\/08\/aufzaehlungspunkt-e1481745336902.jpg\" alt=\"\" width=\"10\" height=\"20\" \/> <a href=\"https:\/\/www.alt.bds-fcs.ch\/fachinformationen\/downloadcenter\/?tx_bndownloadcenter_pi1%5Bkeywords%5D=Pr%C3%BCfungsserien&amp;tx_bndownloadcenter_pi1%5Baction%5D=data&amp;tx_bndownloadcenter_pi1%5Bcontroller%5D=Downloadcenter&amp;cHash=2983e897a7e91e8a0dddfecec65f7319\" target=\"_blank\" rel=\"noopener\">Downloadcenter BDS zur aktuellen Ausbildung<\/a><br \/>\n<img loading=\"lazy\" decoding=\"async\" class=\"alignnone size-full wp-image-255\" src=\"https:\/\/www.kbs-schwyz.ch\/berufsschule\/wp-content\/uploads\/2016\/08\/aufzaehlungspunkt-e1481745336902.jpg\" alt=\"\" width=\"10\" height=\"20\" \/> <a href=\"https:\/\/www.alt.bds-fcs.ch\/fachinformationen\/downloadcenter\/?tx_bndownloadcenter_pi1%5Bkeywords%5D=Pr%C3%BCfungsserien&amp;tx_bndownloadcenter_pi1%5Baction%5D=data&amp;tx_bndownloadcenter_pi1%5Bcontroller%5D=Downloadcenter&amp;cHash=2983e897a7e91e8a0dddfecec65f7319\" target=\"_blank\" rel=\"noopener\">Nullserien<\/a><br \/>\n<img loading=\"lazy\" decoding=\"async\" class=\"alignnone size-full wp-image-255\" src=\"https:\/\/www.kbs-schwyz.ch\/berufsschule\/wp-content\/uploads\/2016\/08\/aufzaehlungspunkt-e1481745336902.jpg\" alt=\"\" width=\"10\" height=\"20\" \/><a title=\"BDS-Reform (ab 2022)\" href=\"https:\/\/www.bds-fcs.ch\/de\/Verkauf2022\" target=\"_blank\" rel=\"noopener\"> BDS-Reform (ab 2022)\u00a0<\/a><br \/>\n<img loading=\"lazy\" decoding=\"async\" class=\"alignnone size-full wp-image-255\" src=\"https:\/\/www.kbs-schwyz.ch\/berufsschule\/wp-content\/uploads\/2016\/08\/aufzaehlungspunkt-e1481745336902.jpg\" alt=\"\" width=\"10\" height=\"20\" \/> <a href=\"https:\/\/view.officeapps.live.com\/op\/view.aspx?src=https%3A%2F%2Fwww.alt.bds-fcs.ch%2Ffileadmin%2FDownloadcenter-DE%2Fuser_upload%2FQV2020-Notenrechner_DHF.xlsx&amp;wdOrigin=BROWSELINK\" target=\"_blank\" rel=\"noopener\">QV2020-Notenrechner<\/a><br \/>\n<img loading=\"lazy\" decoding=\"async\" class=\"alignnone size-full wp-image-255\" src=\"https:\/\/www.kbs-schwyz.ch\/berufsschule\/wp-content\/uploads\/2016\/08\/aufzaehlungspunkt-e1481745336902.jpg\" alt=\"\" width=\"10\" height=\"20\" \/> <a href=\"https:\/\/www.trbs-trep.ch\/de\/tools\/diplomrechner-4.html\" target=\"_blank\" rel=\"noopener\">Diplomrechner - Umrechnung von Sprachzertifikaten<\/a><\/p>\n<\/div>\n<\/div><\/div><\/div><\/div><\/div>","protected":false},"excerpt":{"rendered":"<p>Detailhandelsfachleute beraten, unterst\u00fctzen und bedienen Kundinnen und Kunden auf unterschiedlichen Kommunikationskan\u00e4len. Sie f\u00fchren anspruchsvolle Beratungs- und Verkaufsgespr\u00e4che in der lokalen Landessprache und in einer Fremdsprache. Sie suchen kreative L\u00f6sungen f\u00fcr ihre Kundinnen und Kunden und arbeiten selbst\u00e4ndig. Nebst der Beratung <a class=\"more-link\" href=\"https:\/\/www.kbs-schwyz.ch\/berufsschule\/detailhandeslfachleute\/\">weiterlesen&#8230;<\/a><\/p>\n","protected":false},"author":1,"featured_media":0,"parent":0,"menu_order":8,"comment_status":"closed","ping_status":"closed","template":"","meta":{"footnotes":""},"class_list":["post-90","page","type-page","status-publish","hentry"],"_links":{"self":[{"href":"https:\/\/www.kbs-schwyz.ch\/berufsschule\/wp-json\/wp\/v2\/pages\/90","targetHints":{"allow":["GET"]}}],"collection":[{"href":"https:\/\/www.kbs-schwyz.ch\/berufsschule\/wp-json\/wp\/v2\/pages"}],"about":[{"href":"https:\/\/www.kbs-schwyz.ch\/berufsschule\/wp-json\/wp\/v2\/types\/page"}],"author":[{"embeddable":true,"href":"https:\/\/www.kbs-schwyz.ch\/berufsschule\/wp-json\/wp\/v2\/users\/1"}],"replies":[{"embeddable":true,"href":"https:\/\/www.kbs-schwyz.ch\/berufsschule\/wp-json\/wp\/v2\/comments?post=90"}],"version-history":[{"count":81,"href":"https:\/\/www.kbs-schwyz.ch\/berufsschule\/wp-json\/wp\/v2\/pages\/90\/revisions"}],"predecessor-version":[{"id":5347,"href":"https:\/\/www.kbs-schwyz.ch\/berufsschule\/wp-json\/wp\/v2\/pages\/90\/revisions\/5347"}],"wp:attachment":[{"href":"https:\/\/www.kbs-schwyz.ch\/berufsschule\/wp-json\/wp\/v2\/media?parent=90"}],"curies":[{"name":"wp","href":"https:\/\/api.w.org\/{rel}","templated":true}]}}